
{"id":18237,"date":"2023-05-10T08:21:09","date_gmt":"2023-05-10T08:21:09","guid":{"rendered":"https:\/\/ifpbm.org\/board-trustees\/dr-matti-aapro\/"},"modified":"2023-05-10T08:21:09","modified_gmt":"2023-05-10T08:21:09","slug":"dr-matti-aapro","status":"publish","type":"board-trustees","link":"https:\/\/ifpbm.org\/pt-pt\/board-trustees\/dr-matti-aapro\/","title":{"rendered":"Dr. Matti Aapro"},"template":"","class_list":["post-18237","board-trustees","type-board-trustees","status-publish","has-post-thumbnail","hentry"],"acf":{"profile_picture":17873,"brief_resume":"Diretor do Instituto Multidisciplinar de Oncologia, Genolier, Su\u00ed\u00e7a.\n\nO Dr. Matti Aapro obteve a sua licenciatura em medicina na Faculdade de Medicina da <a href=\"https:\/\/www.unige.ch\/en\/university\/presentation\/\" target=\"_blank\" rel=\"noopener\">Universidade de Genebra<\/a>, na Su\u00ed\u00e7a. Foi bolseiro no Arizona Cancer Center em Tucson e foi o presidente fundador do Departamento M\u00e9dico e de Radioterapia do Instituto Europeu de Oncologia em Mil\u00e3o.\n\nOutras actividades profissionais em que esteve envolvido incluem:\n<ul>\n \t<li>Membro do Conselho Executivo da Sociedade Internacional de Oncologia Geri\u00e1trica (SIOG)<\/li>\n \t<li>Membro do Conselho de Administra\u00e7\u00e3o da Organiza\u00e7\u00e3o Europeia para a Investiga\u00e7\u00e3o e Tratamento do Cancro<a href=\"https:\/\/www.eortc.org\/\" target=\"_blank\" rel=\"noopener\">(EORTC<\/a>)<\/li>\n \t<li>Ex-Presidente da Associa\u00e7\u00e3o Multinacional de Cuidados de Suporte no Cancro<a href=\"https:\/\/www.mascc.org\/\" target=\"_blank\" rel=\"noopener\">(MASCC<\/a>) e fez parte do seu Conselho de Administra\u00e7\u00e3o de 2012-2014.<\/li>\n \t<li>Presidente dos comit\u00e9s cient\u00edfico e organizador do Congresso Mundial do Cancro da UICC (Uni\u00e3o Internacional contra o Cancro) de 2008, em Genebra, e de 2010, em Shenzhen, China.<\/li>\n \t<li>Membro dos Comit\u00e9s Cient\u00edficos do ESMO 2012 e do EMCC 2013 (Congresso Europeu Multidisciplinar do Cancro)<\/li>\n \t<li>Coordenador do programa SPCC da Escola Europeia de Oncologia<\/li>\n \t<li>Editor-chefe de Critical Reviews in Oncology\/Hematology (Revis\u00f5es Cr\u00edticas em Oncologia\/Hematologia)<\/li>\n \t<li>Editor associado da revista Annals of Oncology e editor associado da sec\u00e7\u00e3o geri\u00e1trica da revista Oncologist.<\/li>\n \t<li>Editor fundador do <a href=\"https:\/\/www.geriatriconcology.net\/\" target=\"_blank\" rel=\"noopener\">Journal of Geriatric Oncology<\/a><\/li>\n<\/ul>\n\u00c9 autor de mais de 250 publica\u00e7\u00f5es e os seus principais interesses s\u00e3o o desenvolvimento de novos medicamentos, o cancro da mama, o cancro nos idosos e os cuidados de apoio.\n\nO Dr. Aapro recebeu o Pr\u00e9mio Ata Oncologica 2010 e o Pr\u00e9mio ASCO B.J. Kennedy 2012.","publications":"<a href=\"https:\/\/www.ncbi.nlm.nih.gov\/pubmed\/?term=Aapro+M\" target=\"_blank\" rel=\"noopener noreferrer\">Lista completa de publica\u00e7\u00f5es<\/a>"},"_links":{"self":[{"href":"https:\/\/ifpbm.org\/pt-pt\/wp-json\/wp\/v2\/board-trustees\/18237","targetHints":{"allow":["GET"]}}],"collection":[{"href":"https:\/\/ifpbm.org\/pt-pt\/wp-json\/wp\/v2\/board-trustees"}],"about":[{"href":"https:\/\/ifpbm.org\/pt-pt\/wp-json\/wp\/v2\/types\/board-trustees"}],"wp:featuredmedia":[{"embeddable":true,"href":"https:\/\/ifpbm.org\/pt-pt\/wp-json\/wp\/v2\/media\/17873"}],"wp:attachment":[{"href":"https:\/\/ifpbm.org\/pt-pt\/wp-json\/wp\/v2\/media?parent=18237"}],"curies":[{"name":"wp","href":"https:\/\/api.w.org\/{rel}","templated":true}]}}